{"id":6967,"date":"2019-01-21T14:06:57","date_gmt":"2019-01-21T18:06:57","guid":{"rendered":"https:\/\/mayre.net\/wp-content\/uploads\/2019\/01\/WhatsApp-Image-2019-01-21-at-12.52.54-PM.jpeg"},"modified":"2022-09-25T13:51:04","modified_gmt":"2022-09-25T20:51:04","slug":"whatsapp-image-2019-01-21-at-12-52-54-pm-2","status":"inherit","type":"attachment","link":"https:\/\/mayremartinez.com\/en\/mayre-martinez-official-site\/whatsapp-image-2019-01-21-at-12-52-54-pm-2\/","title":{"rendered":"Mayr\u00e9 Mart\u00ednez en La Voz US 2019 Telemundo"},"author":1,"comment_status":"closed","ping_status":"closed","template":"","meta":[],"yoast_head":"<!-- This site is optimized with the Yoast SEO plugin v19.8 - https:\/\/yoast.com\/wordpress\/plugins\/seo\/ -->\n<title>Mayr\u00e9 Mart\u00ednez en La Voz US 2019 Telemundo &ndash; Mayre Martinez<\/title>\n<meta name=\"robots\" content=\"index, follow, max-snippet:-1, max-image-preview:large, max-video-preview:-1\" \/>\n<link rel=\"canonical\" href=\"https:\/\/mayremartinez.com\/en\/mayre-martinez-official-site\/whatsapp-image-2019-01-21-at-12-52-54-pm-2\/\" \/>\n<meta property=\"og:locale\" content=\"en_US\" \/>\n<meta property=\"og:type\" content=\"article\" \/>\n<meta property=\"og:title\" content=\"Mayr\u00e9 Mart\u00ednez en La Voz US 2019 Telemundo &ndash; Mayre Martinez\" \/>\n<meta property=\"og:description\" content=\"Mayr\u00e9 Mart\u00ednez en La Voz US 2019 Telemundo\" \/>\n<meta property=\"og:url\" content=\"https:\/\/mayremartinez.com\/en\/mayre-martinez-official-site\/whatsapp-image-2019-01-21-at-12-52-54-pm-2\/\" \/>\n<meta property=\"og:site_name\" content=\"Mayre Martinez\" \/>\n<meta property=\"article:publisher\" content=\"http:\/\/facebook.com\/mayremartinez\" \/>\n<meta property=\"article:modified_time\" content=\"2022-09-25T20:51:04+00:00\" \/>\n<meta property=\"og:image\" content=\"https:\/\/mayremartinez.com\/wp-content\/uploads\/2019\/01\/WhatsApp-Image-2019-01-21-at-12.52.54-PM.jpeg\" \/>\n\t<meta property=\"og:image:width\" content=\"1105\" \/>\n\t<meta property=\"og:image:height\" content=\"1122\" \/>\n\t<meta property=\"og:image:type\" content=\"image\/jpeg\" \/>\n<meta name=\"twitter:card\" content=\"summary_large_image\" \/>\n<meta name=\"twitter:site\" content=\"@mayremartinez\" \/>\n<script type=\"application\/ld+json\" class=\"yoast-schema-graph\">{\"@context\":\"https:\/\/schema.org\",\"@graph\":[{\"@type\":\"WebPage\",\"@id\":\"https:\/\/mayremartinez.com\/en\/mayre-martinez-official-site\/whatsapp-image-2019-01-21-at-12-52-54-pm-2\/\",\"url\":\"https:\/\/mayremartinez.com\/en\/mayre-martinez-official-site\/whatsapp-image-2019-01-21-at-12-52-54-pm-2\/\",\"name\":\"Mayr\u00e9 Mart\u00ednez en La Voz US 2019 Telemundo &ndash; Mayre Martinez\",\"isPartOf\":{\"@id\":\"https:\/\/mayremartinez.com\/en\/#website\"},\"datePublished\":\"2019-01-21T18:06:57+00:00\",\"dateModified\":\"2022-09-25T20:51:04+00:00\",\"breadcrumb\":{\"@id\":\"https:\/\/mayremartinez.com\/en\/mayre-martinez-official-site\/whatsapp-image-2019-01-21-at-12-52-54-pm-2\/#breadcrumb\"},\"inLanguage\":\"en-US\",\"potentialAction\":[{\"@type\":\"ReadAction\",\"target\":[\"https:\/\/mayremartinez.com\/en\/mayre-martinez-official-site\/whatsapp-image-2019-01-21-at-12-52-54-pm-2\/\"]}]},{\"@type\":\"BreadcrumbList\",\"@id\":\"https:\/\/mayremartinez.com\/en\/mayre-martinez-official-site\/whatsapp-image-2019-01-21-at-12-52-54-pm-2\/#breadcrumb\",\"itemListElement\":[{\"@type\":\"ListItem\",\"position\":1,\"name\":\"Portada\",\"item\":\"https:\/\/mayremartinez.com\/en\/\"},{\"@type\":\"ListItem\",\"position\":2,\"name\":\"Mayr\u00e9 Mart\u00ednez | Official Site\",\"item\":\"https:\/\/mayremartinez.com\/en\/\"},{\"@type\":\"ListItem\",\"position\":3,\"name\":\"Mayr\u00e9 Mart\u00ednez en La Voz US 2019 Telemundo\"}]},{\"@type\":\"WebSite\",\"@id\":\"https:\/\/mayremartinez.com\/en\/#website\",\"url\":\"https:\/\/mayremartinez.com\/en\/\",\"name\":\"Mayre Martinez\",\"description\":\"Sitio Web Oficial de Mayre Martinez, La Voz de Latinoam&eacute;rica\",\"publisher\":{\"@id\":\"https:\/\/mayremartinez.com\/en\/#\/schema\/person\/d809b2bc85ada00ed0fccc4e42a7b933\"},\"potentialAction\":[{\"@type\":\"SearchAction\",\"target\":{\"@type\":\"EntryPoint\",\"urlTemplate\":\"https:\/\/mayremartinez.com\/en\/?s={search_term_string}\"},\"query-input\":\"required name=search_term_string\"}],\"inLanguage\":\"en-US\"},{\"@type\":[\"Person\",\"Organization\"],\"@id\":\"https:\/\/mayremartinez.com\/en\/#\/schema\/person\/d809b2bc85ada00ed0fccc4e42a7b933\",\"name\":\"Mayr\u00e9 Mart\u00ednez\",\"image\":{\"@type\":\"ImageObject\",\"inLanguage\":\"en-US\",\"@id\":\"https:\/\/mayremartinez.com\/en\/#\/schema\/person\/image\/\",\"url\":\"https:\/\/mayremartinez.com\/wp-content\/uploads\/2019\/01\/WhatsApp-Image-2019-01-21-at-12.52.54-PM.jpeg\",\"contentUrl\":\"https:\/\/mayremartinez.com\/wp-content\/uploads\/2019\/01\/WhatsApp-Image-2019-01-21-at-12.52.54-PM.jpeg\",\"width\":1105,\"height\":1122,\"caption\":\"Mayr\u00e9 Mart\u00ednez\"},\"logo\":{\"@id\":\"https:\/\/mayremartinez.com\/en\/#\/schema\/person\/image\/\"},\"description\":\"Mayr\u00e9 Mart\u00ednez (La Voz US, Latin American Idol) es una cantante profesional, entrenadora vocal, escritora y profesora de canto Venezolana. Ella ha formado a miles de alumnos con el m\u00e9todo que lleva su nombre, comprobando que cualquier persona puede aprender el arte de cantar.\",\"sameAs\":[\"https:\/\/mayre.net\",\"http:\/\/facebook.com\/mayremartinez\",\"http:\/\/instagram.com\/mayremartinez\",\"https:\/\/twitter.com\/mayremartinez\",\"http:\/\/www.youtube.com\/user\/mayretv\",\"https:\/\/es.wikipedia.org\/wiki\/Mayr\u00e9_Mart\u00ednez\"]}]}<\/script>\n<!-- \/ Yoast SEO plugin. -->","yoast_head_json":{"title":"Mayr\u00e9 Mart\u00ednez en La Voz US 2019 Telemundo &ndash; Mayre Martinez","robots":{"index":"index","follow":"follow","max-snippet":"max-snippet:-1","max-image-preview":"max-image-preview:large","max-video-preview":"max-video-preview:-1"},"canonical":"https:\/\/mayremartinez.com\/en\/mayre-martinez-official-site\/whatsapp-image-2019-01-21-at-12-52-54-pm-2\/","og_locale":"en_US","og_type":"article","og_title":"Mayr\u00e9 Mart\u00ednez en La Voz US 2019 Telemundo &ndash; Mayre Martinez","og_description":"Mayr\u00e9 Mart\u00ednez en La Voz US 2019 Telemundo","og_url":"https:\/\/mayremartinez.com\/en\/mayre-martinez-official-site\/whatsapp-image-2019-01-21-at-12-52-54-pm-2\/","og_site_name":"Mayre Martinez","article_publisher":"http:\/\/facebook.com\/mayremartinez","article_modified_time":"2022-09-25T20:51:04+00:00","og_image":[{"width":1105,"height":1122,"url":"https:\/\/mayremartinez.com\/wp-content\/uploads\/2019\/01\/WhatsApp-Image-2019-01-21-at-12.52.54-PM.jpeg","type":"image\/jpeg"}],"twitter_card":"summary_large_image","twitter_site":"@mayremartinez","schema":{"@context":"https:\/\/schema.org","@graph":[{"@type":"WebPage","@id":"https:\/\/mayremartinez.com\/en\/mayre-martinez-official-site\/whatsapp-image-2019-01-21-at-12-52-54-pm-2\/","url":"https:\/\/mayremartinez.com\/en\/mayre-martinez-official-site\/whatsapp-image-2019-01-21-at-12-52-54-pm-2\/","name":"Mayr\u00e9 Mart\u00ednez en La Voz US 2019 Telemundo &ndash; Mayre Martinez","isPartOf":{"@id":"https:\/\/mayremartinez.com\/en\/#website"},"datePublished":"2019-01-21T18:06:57+00:00","dateModified":"2022-09-25T20:51:04+00:00","breadcrumb":{"@id":"https:\/\/mayremartinez.com\/en\/mayre-martinez-official-site\/whatsapp-image-2019-01-21-at-12-52-54-pm-2\/#breadcrumb"},"inLanguage":"en-US","potentialAction":[{"@type":"ReadAction","target":["https:\/\/mayremartinez.com\/en\/mayre-martinez-official-site\/whatsapp-image-2019-01-21-at-12-52-54-pm-2\/"]}]},{"@type":"BreadcrumbList","@id":"https:\/\/mayremartinez.com\/en\/mayre-martinez-official-site\/whatsapp-image-2019-01-21-at-12-52-54-pm-2\/#breadcrumb","itemListElement":[{"@type":"ListItem","position":1,"name":"Portada","item":"https:\/\/mayremartinez.com\/en\/"},{"@type":"ListItem","position":2,"name":"Mayr\u00e9 Mart\u00ednez | Official Site","item":"https:\/\/mayremartinez.com\/en\/"},{"@type":"ListItem","position":3,"name":"Mayr\u00e9 Mart\u00ednez en La Voz US 2019 Telemundo"}]},{"@type":"WebSite","@id":"https:\/\/mayremartinez.com\/en\/#website","url":"https:\/\/mayremartinez.com\/en\/","name":"Mayre Martinez","description":"Sitio Web Oficial de Mayre Martinez, La Voz de Latinoam&eacute;rica","publisher":{"@id":"https:\/\/mayremartinez.com\/en\/#\/schema\/person\/d809b2bc85ada00ed0fccc4e42a7b933"},"potentialAction":[{"@type":"SearchAction","target":{"@type":"EntryPoint","urlTemplate":"https:\/\/mayremartinez.com\/en\/?s={search_term_string}"},"query-input":"required name=search_term_string"}],"inLanguage":"en-US"},{"@type":["Person","Organization"],"@id":"https:\/\/mayremartinez.com\/en\/#\/schema\/person\/d809b2bc85ada00ed0fccc4e42a7b933","name":"Mayr\u00e9 Mart\u00ednez","image":{"@type":"ImageObject","inLanguage":"en-US","@id":"https:\/\/mayremartinez.com\/en\/#\/schema\/person\/image\/","url":"https:\/\/mayremartinez.com\/wp-content\/uploads\/2019\/01\/WhatsApp-Image-2019-01-21-at-12.52.54-PM.jpeg","contentUrl":"https:\/\/mayremartinez.com\/wp-content\/uploads\/2019\/01\/WhatsApp-Image-2019-01-21-at-12.52.54-PM.jpeg","width":1105,"height":1122,"caption":"Mayr\u00e9 Mart\u00ednez"},"logo":{"@id":"https:\/\/mayremartinez.com\/en\/#\/schema\/person\/image\/"},"description":"Mayr\u00e9 Mart\u00ednez (La Voz US, Latin American Idol) es una cantante profesional, entrenadora vocal, escritora y profesora de canto Venezolana. Ella ha formado a miles de alumnos con el m\u00e9todo que lleva su nombre, comprobando que cualquier persona puede aprender el arte de cantar.","sameAs":["https:\/\/mayre.net","http:\/\/facebook.com\/mayremartinez","http:\/\/instagram.com\/mayremartinez","https:\/\/twitter.com\/mayremartinez","http:\/\/www.youtube.com\/user\/mayretv","https:\/\/es.wikipedia.org\/wiki\/Mayr\u00e9_Mart\u00ednez"]}]}},"description":{"rendered":"<p class=\"attachment\"><a href='https:\/\/mayremartinez.com\/wp-content\/uploads\/2019\/01\/WhatsApp-Image-2019-01-21-at-12.52.54-PM.jpeg'><img width=\"295\" height=\"300\" src=\"https:\/\/mayremartinez.com\/wp-content\/uploads\/2019\/01\/WhatsApp-Image-2019-01-21-at-12.52.54-PM-295x300.jpeg\" class=\"attachment-medium size-medium\" alt=\"\" loading=\"lazy\" srcset=\"https:\/\/mayremartinez.com\/wp-content\/uploads\/2019\/01\/WhatsApp-Image-2019-01-21-at-12.52.54-PM-295x300.jpeg 295w, https:\/\/mayremartinez.com\/wp-content\/uploads\/2019\/01\/WhatsApp-Image-2019-01-21-at-12.52.54-PM-700x711.jpeg 700w, https:\/\/mayremartinez.com\/wp-content\/uploads\/2019\/01\/WhatsApp-Image-2019-01-21-at-12.52.54-PM-768x780.jpeg 768w, https:\/\/mayremartinez.com\/wp-content\/uploads\/2019\/01\/WhatsApp-Image-2019-01-21-at-12.52.54-PM-1008x1024.jpeg 1008w, https:\/\/mayremartinez.com\/wp-content\/uploads\/2019\/01\/WhatsApp-Image-2019-01-21-at-12.52.54-PM.jpeg 1105w\" sizes=\"(max-width: 295px) 100vw, 295px\" \/><\/a><\/p>\n<p>Mayr\u00e9 Mart\u00ednez en La Voz US 2019 Telemundo<\/p>\n"},"caption":{"rendered":"<p>Mayr\u00e9 Mart\u00ednez en La Voz US 2019 Telemundo<\/p>\n"},"alt_text":"","media_type":"image","mime_type":"image\/jpeg","media_details":{"width":1105,"height":1122,"file":"2019\/01\/WhatsApp-Image-2019-01-21-at-12.52.54-PM.jpeg","sizes":{"woocommerce_thumbnail":{"file":"WhatsApp-Image-2019-01-21-at-12.52.54-PM-300x300.jpeg","width":300,"height":300,"uncropped":false,"mime_type":"image\/jpeg","source_url":"https:\/\/mayremartinez.com\/wp-content\/uploads\/2019\/01\/WhatsApp-Image-2019-01-21-at-12.52.54-PM-300x300.jpeg"},"woocommerce_gallery_thumbnail":{"file":"WhatsApp-Image-2019-01-21-at-12.52.54-PM-200x200.jpeg","width":200,"height":200,"mime_type":"image\/jpeg","source_url":"https:\/\/mayremartinez.com\/wp-content\/uploads\/2019\/01\/WhatsApp-Image-2019-01-21-at-12.52.54-PM-200x200.jpeg"},"woocommerce_single":{"file":"WhatsApp-Image-2019-01-21-at-12.52.54-PM-700x711.jpeg","width":700,"height":711,"mime_type":"image\/jpeg","source_url":"https:\/\/mayremartinez.com\/wp-content\/uploads\/2019\/01\/WhatsApp-Image-2019-01-21-at-12.52.54-PM-700x711.jpeg"},"thumbnail":{"file":"WhatsApp-Image-2019-01-21-at-12.52.54-PM-150x150.jpeg","width":150,"height":150,"mime_type":"image\/jpeg","source_url":"https:\/\/mayremartinez.com\/wp-content\/uploads\/2019\/01\/WhatsApp-Image-2019-01-21-at-12.52.54-PM-150x150.jpeg"},"medium":{"file":"WhatsApp-Image-2019-01-21-at-12.52.54-PM-295x300.jpeg","width":295,"height":300,"mime_type":"image\/jpeg","source_url":"https:\/\/mayremartinez.com\/wp-content\/uploads\/2019\/01\/WhatsApp-Image-2019-01-21-at-12.52.54-PM-295x300.jpeg"},"medium_large":{"file":"WhatsApp-Image-2019-01-21-at-12.52.54-PM-768x780.jpeg","width":768,"height":780,"mime_type":"image\/jpeg","source_url":"https:\/\/mayremartinez.com\/wp-content\/uploads\/2019\/01\/WhatsApp-Image-2019-01-21-at-12.52.54-PM-768x780.jpeg"},"large":{"file":"WhatsApp-Image-2019-01-21-at-12.52.54-PM-1008x1024.jpeg","width":1008,"height":1024,"mime_type":"image\/jpeg","source_url":"https:\/\/mayremartinez.com\/wp-content\/uploads\/2019\/01\/WhatsApp-Image-2019-01-21-at-12.52.54-PM-1008x1024.jpeg"},"shop_catalog":{"file":"WhatsApp-Image-2019-01-21-at-12.52.54-PM-300x300.jpeg","width":300,"height":300,"uncropped":false,"mime_type":"image\/jpeg","source_url":"https:\/\/mayremartinez.com\/wp-content\/uploads\/2019\/01\/WhatsApp-Image-2019-01-21-at-12.52.54-PM-300x300.jpeg"},"shop_single":{"file":"WhatsApp-Image-2019-01-21-at-12.52.54-PM-700x711.jpeg","width":700,"height":711,"mime_type":"image\/jpeg","source_url":"https:\/\/mayremartinez.com\/wp-content\/uploads\/2019\/01\/WhatsApp-Image-2019-01-21-at-12.52.54-PM-700x711.jpeg"},"shop_thumbnail":{"file":"WhatsApp-Image-2019-01-21-at-12.52.54-PM-200x200.jpeg","width":200,"height":200,"mime_type":"image\/jpeg","source_url":"https:\/\/mayremartinez.com\/wp-content\/uploads\/2019\/01\/WhatsApp-Image-2019-01-21-at-12.52.54-PM-200x200.jpeg"},"full":{"file":"WhatsApp-Image-2019-01-21-at-12.52.54-PM.jpeg","width":1105,"height":1122,"mime_type":"image\/jpeg","source_url":"https:\/\/mayremartinez.com\/wp-content\/uploads\/2019\/01\/WhatsApp-Image-2019-01-21-at-12.52.54-PM.jpeg"}},"image_meta":{"aperture":"0","credit":"","camera":"","caption":"","created_timestamp":"0","copyright":"","focal_length":"0","iso":"0","shutter_speed":"0","title":"","orientation":"0","keywords":[]},"filesize":146481},"post":7238,"source_url":"https:\/\/mayremartinez.com\/wp-content\/uploads\/2019\/01\/WhatsApp-Image-2019-01-21-at-12.52.54-PM.jpeg","_links":{"self":[{"href":"https:\/\/mayremartinez.com\/en\/wp-json\/wp\/v2\/media\/6967"}],"collection":[{"href":"https:\/\/mayremartinez.com\/en\/wp-json\/wp\/v2\/media"}],"about":[{"href":"https:\/\/mayremartinez.com\/en\/wp-json\/wp\/v2\/types\/attachment"}],"author":[{"embeddable":true,"href":"https:\/\/mayremartinez.com\/en\/wp-json\/wp\/v2\/users\/1"}],"replies":[{"embeddable":true,"href":"https:\/\/mayremartinez.com\/en\/wp-json\/wp\/v2\/comments?post=6967"}]}}